{"id":3316,"date":"2025-12-03T12:23:02","date_gmt":"2025-12-03T11:23:02","guid":{"rendered":"https:\/\/steredennvor.fr\/?post_type=tribe_events&#038;p=3316"},"modified":"2025-12-03T12:31:36","modified_gmt":"2025-12-03T11:31:36","slug":"fete-des-voiles-rouges-a-sene","status":"publish","type":"tribe_events","link":"https:\/\/steredennvor.fr\/index.php\/evenement\/fete-des-voiles-rouges-a-sene\/","title":{"rendered":"F\u00eate des Voiles Rouges \u00e0 S\u00e9n\u00e9"},"content":{"rendered":"<p>La f\u00eate des Voiles Rouges de S\u00e9n\u00e9, \u00e9v\u00e9nement maritime embl\u00e9matique du Golfe du Morbihan, vous accueille les<strong> 4 et 5 juillet 2026<\/strong>.<br \/>\nCette f\u00eate, qui se d\u00e9roule tous les deux ans \u00e0 S\u00e9n\u00e9, met en valeur l\u2019histoire et le patrimoine maritime de la r\u00e9gion, ainsi que les professionnels des m\u00e9tiers de la mer.<br \/>\nAvec son programme riche en concerts, repas, animations \u00e0 quai et bien plus encore, cette f\u00eate attire les Sinagots et habitants du Golfe du Morbihan depuis de nombreuses ann\u00e9es.<\/p>\n","protected":false},"excerpt":{"rendered":"<p>La f\u00eate des Voiles Rouges de S\u00e9n\u00e9, \u00e9v\u00e9nement maritime embl\u00e9matique du Golfe du Morbihan, vous accueille les 4 et 5 juillet 2026. Cette f\u00eate, qui se d\u00e9roule tous les deux [&hellip;]<\/p>\n","protected":false},"author":2,"featured_media":3317,"template":"","meta":{"_tribe_events_status":"","_tribe_events_status_reason":"","footnotes":""},"tags":[],"tribe_events_cat":[],"class_list":["post-3316","tribe_events","type-tribe_events","status-publish","has-post-thumbnail","hentry","entry","has-media"],"yoast_head":"<!-- This site is optimized with the Yoast SEO plugin v27.5 - https:\/\/yoast.com\/product\/yoast-seo-wordpress\/ -->\n<title>F\u00eate des Voiles Rouges \u00e0 S\u00e9n\u00e9 - STEREDENN VOR<\/title>\n<meta name=\"robots\" content=\"index, follow, max-snippet:-1, max-image-preview:large, max-video-preview:-1\" \/>\n<link rel=\"canonical\" href=\"https:\/\/steredennvor.fr\/index.php\/evenement\/fete-des-voiles-rouges-a-sene\/\" \/>\n<meta property=\"og:locale\" content=\"fr_FR\" \/>\n<meta property=\"og:type\" content=\"article\" \/>\n<meta property=\"og:title\" content=\"F\u00eate des Voiles Rouges \u00e0 S\u00e9n\u00e9 - STEREDENN VOR\" \/>\n<meta property=\"og:description\" content=\"La f\u00eate des Voiles Rouges de S\u00e9n\u00e9, \u00e9v\u00e9nement maritime embl\u00e9matique du Golfe du Morbihan, vous accueille les 4 et 5 juillet 2026. Cette f\u00eate, qui se d\u00e9roule tous les deux [&hellip;]\" \/>\n<meta property=\"og:url\" content=\"https:\/\/steredennvor.fr\/index.php\/evenement\/fete-des-voiles-rouges-a-sene\/\" \/>\n<meta property=\"og:site_name\" content=\"STEREDENN VOR\" \/>\n<meta property=\"article:modified_time\" content=\"2025-12-03T11:31:36+00:00\" \/>\n<meta property=\"og:image\" content=\"https:\/\/steredennvor.fr\/wp-content\/uploads\/2025\/12\/fete-des-voiles-rouges-2024-sene.jpg\" \/>\n\t<meta property=\"og:image:width\" content=\"1920\" \/>\n\t<meta property=\"og:image:height\" content=\"1080\" \/>\n\t<meta property=\"og:image:type\" content=\"image\/jpeg\" \/>\n<meta name=\"twitter:card\" content=\"summary_large_image\" \/>\n<meta name=\"twitter:label1\" content=\"Dur\u00e9e de lecture estim\u00e9e\" \/>\n\t<meta name=\"twitter:data1\" content=\"1 minute\" \/>\n<script type=\"application\/ld+json\" class=\"yoast-schema-graph\">{\"@context\":\"https:\\\/\\\/schema.org\",\"@graph\":[{\"@type\":\"WebPage\",\"@id\":\"https:\\\/\\\/steredennvor.fr\\\/index.php\\\/evenement\\\/fete-des-voiles-rouges-a-sene\\\/\",\"url\":\"https:\\\/\\\/steredennvor.fr\\\/index.php\\\/evenement\\\/fete-des-voiles-rouges-a-sene\\\/\",\"name\":\"F\u00eate des Voiles Rouges \u00e0 S\u00e9n\u00e9 - STEREDENN VOR\",\"isPartOf\":{\"@id\":\"https:\\\/\\\/steredennvor.fr\\\/#website\"},\"primaryImageOfPage\":{\"@id\":\"https:\\\/\\\/steredennvor.fr\\\/index.php\\\/evenement\\\/fete-des-voiles-rouges-a-sene\\\/#primaryimage\"},\"image\":{\"@id\":\"https:\\\/\\\/steredennvor.fr\\\/index.php\\\/evenement\\\/fete-des-voiles-rouges-a-sene\\\/#primaryimage\"},\"thumbnailUrl\":\"https:\\\/\\\/steredennvor.fr\\\/wp-content\\\/uploads\\\/2025\\\/12\\\/fete-des-voiles-rouges-2024-sene.jpg\",\"datePublished\":\"2025-12-03T11:23:02+00:00\",\"dateModified\":\"2025-12-03T11:31:36+00:00\",\"breadcrumb\":{\"@id\":\"https:\\\/\\\/steredennvor.fr\\\/index.php\\\/evenement\\\/fete-des-voiles-rouges-a-sene\\\/#breadcrumb\"},\"inLanguage\":\"fr-FR\",\"potentialAction\":[{\"@type\":\"ReadAction\",\"target\":[\"https:\\\/\\\/steredennvor.fr\\\/index.php\\\/evenement\\\/fete-des-voiles-rouges-a-sene\\\/\"]}]},{\"@type\":\"ImageObject\",\"inLanguage\":\"fr-FR\",\"@id\":\"https:\\\/\\\/steredennvor.fr\\\/index.php\\\/evenement\\\/fete-des-voiles-rouges-a-sene\\\/#primaryimage\",\"url\":\"https:\\\/\\\/steredennvor.fr\\\/wp-content\\\/uploads\\\/2025\\\/12\\\/fete-des-voiles-rouges-2024-sene.jpg\",\"contentUrl\":\"https:\\\/\\\/steredennvor.fr\\\/wp-content\\\/uploads\\\/2025\\\/12\\\/fete-des-voiles-rouges-2024-sene.jpg\",\"width\":1920,\"height\":1080},{\"@type\":\"BreadcrumbList\",\"@id\":\"https:\\\/\\\/steredennvor.fr\\\/index.php\\\/evenement\\\/fete-des-voiles-rouges-a-sene\\\/#breadcrumb\",\"itemListElement\":[{\"@type\":\"ListItem\",\"position\":1,\"name\":\"Accueil\",\"item\":\"https:\\\/\\\/steredennvor.fr\\\/\"},{\"@type\":\"ListItem\",\"position\":2,\"name\":\"\u00c9v\u00e8nements\",\"item\":\"https:\\\/\\\/steredennvor.fr\\\/index.php\\\/events\\\/\"},{\"@type\":\"ListItem\",\"position\":3,\"name\":\"F\u00eate des Voiles Rouges \u00e0 S\u00e9n\u00e9\"}]},{\"@type\":\"WebSite\",\"@id\":\"https:\\\/\\\/steredennvor.fr\\\/#website\",\"url\":\"https:\\\/\\\/steredennvor.fr\\\/\",\"name\":\"STEREDENN VOR\",\"description\":\"ASSOCIATION STEREDENN VOR - LA TURBALLE\",\"publisher\":{\"@id\":\"https:\\\/\\\/steredennvor.fr\\\/#organization\"},\"potentialAction\":[{\"@type\":\"SearchAction\",\"target\":{\"@type\":\"EntryPoint\",\"urlTemplate\":\"https:\\\/\\\/steredennvor.fr\\\/?s={search_term_string}\"},\"query-input\":{\"@type\":\"PropertyValueSpecification\",\"valueRequired\":true,\"valueName\":\"search_term_string\"}}],\"inLanguage\":\"fr-FR\"},{\"@type\":\"Organization\",\"@id\":\"https:\\\/\\\/steredennvor.fr\\\/#organization\",\"name\":\"Association STEREDENN VOR\",\"url\":\"https:\\\/\\\/steredennvor.fr\\\/\",\"logo\":{\"@type\":\"ImageObject\",\"inLanguage\":\"fr-FR\",\"@id\":\"https:\\\/\\\/steredennvor.fr\\\/#\\\/schema\\\/logo\\\/image\\\/\",\"url\":\"https:\\\/\\\/steredennvor.fr\\\/wp-content\\\/uploads\\\/2024\\\/12\\\/logo-steredenn-vor-grand-format-20X20.png\",\"contentUrl\":\"https:\\\/\\\/steredennvor.fr\\\/wp-content\\\/uploads\\\/2024\\\/12\\\/logo-steredenn-vor-grand-format-20X20.png\",\"width\":1039,\"height\":1064,\"caption\":\"Association STEREDENN VOR\"},\"image\":{\"@id\":\"https:\\\/\\\/steredennvor.fr\\\/#\\\/schema\\\/logo\\\/image\\\/\"}}]}<\/script>\n<!-- \/ Yoast SEO plugin. -->","yoast_head_json":{"title":"F\u00eate des Voiles Rouges \u00e0 S\u00e9n\u00e9 - STEREDENN VOR","robots":{"index":"index","follow":"follow","max-snippet":"max-snippet:-1","max-image-preview":"max-image-preview:large","max-video-preview":"max-video-preview:-1"},"canonical":"https:\/\/steredennvor.fr\/index.php\/evenement\/fete-des-voiles-rouges-a-sene\/","og_locale":"fr_FR","og_type":"article","og_title":"F\u00eate des Voiles Rouges \u00e0 S\u00e9n\u00e9 - STEREDENN VOR","og_description":"La f\u00eate des Voiles Rouges de S\u00e9n\u00e9, \u00e9v\u00e9nement maritime embl\u00e9matique du Golfe du Morbihan, vous accueille les 4 et 5 juillet 2026. Cette f\u00eate, qui se d\u00e9roule tous les deux [&hellip;]","og_url":"https:\/\/steredennvor.fr\/index.php\/evenement\/fete-des-voiles-rouges-a-sene\/","og_site_name":"STEREDENN VOR","article_modified_time":"2025-12-03T11:31:36+00:00","og_image":[{"width":1920,"height":1080,"url":"https:\/\/steredennvor.fr\/wp-content\/uploads\/2025\/12\/fete-des-voiles-rouges-2024-sene.jpg","type":"image\/jpeg"}],"twitter_card":"summary_large_image","twitter_misc":{"Dur\u00e9e de lecture estim\u00e9e":"1 minute"},"schema":{"@context":"https:\/\/schema.org","@graph":[{"@type":"WebPage","@id":"https:\/\/steredennvor.fr\/index.php\/evenement\/fete-des-voiles-rouges-a-sene\/","url":"https:\/\/steredennvor.fr\/index.php\/evenement\/fete-des-voiles-rouges-a-sene\/","name":"F\u00eate des Voiles Rouges \u00e0 S\u00e9n\u00e9 - STEREDENN VOR","isPartOf":{"@id":"https:\/\/steredennvor.fr\/#website"},"primaryImageOfPage":{"@id":"https:\/\/steredennvor.fr\/index.php\/evenement\/fete-des-voiles-rouges-a-sene\/#primaryimage"},"image":{"@id":"https:\/\/steredennvor.fr\/index.php\/evenement\/fete-des-voiles-rouges-a-sene\/#primaryimage"},"thumbnailUrl":"https:\/\/steredennvor.fr\/wp-content\/uploads\/2025\/12\/fete-des-voiles-rouges-2024-sene.jpg","datePublished":"2025-12-03T11:23:02+00:00","dateModified":"2025-12-03T11:31:36+00:00","breadcrumb":{"@id":"https:\/\/steredennvor.fr\/index.php\/evenement\/fete-des-voiles-rouges-a-sene\/#breadcrumb"},"inLanguage":"fr-FR","potentialAction":[{"@type":"ReadAction","target":["https:\/\/steredennvor.fr\/index.php\/evenement\/fete-des-voiles-rouges-a-sene\/"]}]},{"@type":"ImageObject","inLanguage":"fr-FR","@id":"https:\/\/steredennvor.fr\/index.php\/evenement\/fete-des-voiles-rouges-a-sene\/#primaryimage","url":"https:\/\/steredennvor.fr\/wp-content\/uploads\/2025\/12\/fete-des-voiles-rouges-2024-sene.jpg","contentUrl":"https:\/\/steredennvor.fr\/wp-content\/uploads\/2025\/12\/fete-des-voiles-rouges-2024-sene.jpg","width":1920,"height":1080},{"@type":"BreadcrumbList","@id":"https:\/\/steredennvor.fr\/index.php\/evenement\/fete-des-voiles-rouges-a-sene\/#breadcrumb","itemListElement":[{"@type":"ListItem","position":1,"name":"Accueil","item":"https:\/\/steredennvor.fr\/"},{"@type":"ListItem","position":2,"name":"\u00c9v\u00e8nements","item":"https:\/\/steredennvor.fr\/index.php\/events\/"},{"@type":"ListItem","position":3,"name":"F\u00eate des Voiles Rouges \u00e0 S\u00e9n\u00e9"}]},{"@type":"WebSite","@id":"https:\/\/steredennvor.fr\/#website","url":"https:\/\/steredennvor.fr\/","name":"STEREDENN VOR","description":"ASSOCIATION STEREDENN VOR - LA TURBALLE","publisher":{"@id":"https:\/\/steredennvor.fr\/#organization"},"potentialAction":[{"@type":"SearchAction","target":{"@type":"EntryPoint","urlTemplate":"https:\/\/steredennvor.fr\/?s={search_term_string}"},"query-input":{"@type":"PropertyValueSpecification","valueRequired":true,"valueName":"search_term_string"}}],"inLanguage":"fr-FR"},{"@type":"Organization","@id":"https:\/\/steredennvor.fr\/#organization","name":"Association STEREDENN VOR","url":"https:\/\/steredennvor.fr\/","logo":{"@type":"ImageObject","inLanguage":"fr-FR","@id":"https:\/\/steredennvor.fr\/#\/schema\/logo\/image\/","url":"https:\/\/steredennvor.fr\/wp-content\/uploads\/2024\/12\/logo-steredenn-vor-grand-format-20X20.png","contentUrl":"https:\/\/steredennvor.fr\/wp-content\/uploads\/2024\/12\/logo-steredenn-vor-grand-format-20X20.png","width":1039,"height":1064,"caption":"Association STEREDENN VOR"},"image":{"@id":"https:\/\/steredennvor.fr\/#\/schema\/logo\/image\/"}}]}},"_links":{"self":[{"href":"https:\/\/steredennvor.fr\/index.php\/wp-json\/wp\/v2\/tribe_events\/3316","targetHints":{"allow":["GET"]}}],"collection":[{"href":"https:\/\/steredennvor.fr\/index.php\/wp-json\/wp\/v2\/tribe_events"}],"about":[{"href":"https:\/\/steredennvor.fr\/index.php\/wp-json\/wp\/v2\/types\/tribe_events"}],"author":[{"embeddable":true,"href":"https:\/\/steredennvor.fr\/index.php\/wp-json\/wp\/v2\/users\/2"}],"version-history":[{"count":2,"href":"https:\/\/steredennvor.fr\/index.php\/wp-json\/wp\/v2\/tribe_events\/3316\/revisions"}],"predecessor-version":[{"id":3321,"href":"https:\/\/steredennvor.fr\/index.php\/wp-json\/wp\/v2\/tribe_events\/3316\/revisions\/3321"}],"wp:featuredmedia":[{"embeddable":true,"href":"https:\/\/steredennvor.fr\/index.php\/wp-json\/wp\/v2\/media\/3317"}],"wp:attachment":[{"href":"https:\/\/steredennvor.fr\/index.php\/wp-json\/wp\/v2\/media?parent=3316"}],"wp:term":[{"taxonomy":"post_tag","embeddable":true,"href":"https:\/\/steredennvor.fr\/index.php\/wp-json\/wp\/v2\/tags?post=3316"},{"taxonomy":"tribe_events_cat","embeddable":true,"href":"https:\/\/steredennvor.fr\/index.php\/wp-json\/wp\/v2\/tribe_events_cat?post=3316"}],"curies":[{"name":"wp","href":"https:\/\/api.w.org\/{rel}","templated":true}]}}